{"id":20482,"date":"2023-02-22T07:19:05","date_gmt":"2023-02-22T12:19:05","guid":{"rendered":"https:\/\/www.turkishnyradio.com\/sorumluluk-reddi\/"},"modified":"2024-09-30T17:54:50","modified_gmt":"2024-09-30T21:54:50","slug":"sorumluluk-reddi","status":"publish","type":"page","link":"https:\/\/www.turkishnyradio.com\/tr\/sorumluluk-reddi\/","title":{"rendered":"Sorumluluk Reddi"},"content":{"rendered":"<p><span style=\"font-weight: 400;\">Haber kanal\u0131m\u0131zda verilen bilgiler yaln\u0131zca genel bilgilendirme ama\u00e7l\u0131d\u0131r. Do\u011fru ve g\u00fcncel haberler ve analizler sunmaya \u00e7al\u0131\u015f\u0131yoruz, ancak kanalda yer alan haberler veya bilgiler, \u00fcr\u00fcnler, hizmetler veya ilgili grafiklerle ilgili olarak herhangi bir ama\u00e7 i\u00e7in eksiksizlik, do\u011fruluk, g\u00fcvenilirlik, uygunluk veya kullan\u0131labilirlik konusunda a\u00e7\u0131k veya z\u0131mni hi\u00e7bir beyan veya garanti vermiyoruz. Bu nedenle, bu t\u00fcr bilgilere g\u00fcvenmeniz durumunda risk kesinlikle size aittir.  <\/span><\/p>\n<p><span style=\"font-weight: 400;\">Hi\u00e7bir durumda, haber kanal\u0131m\u0131z\u0131n kullan\u0131m\u0131ndan kaynaklanan veya bununla ba\u011flant\u0131l\u0131 olarak ortaya \u00e7\u0131kan dolayl\u0131 veya sonu\u00e7 olarak ortaya \u00e7\u0131kan kay\u0131p veya hasar veya veri veya kar kayb\u0131ndan kaynaklanan herhangi bir kay\u0131p veya hasar dahil ancak bunlarla s\u0131n\u0131rl\u0131 olmamak \u00fczere herhangi bir kay\u0131p veya hasardan sorumlu olmayaca\u011f\u0131z.<\/span><\/p>\n<p><span style=\"font-weight: 400;\">Objektif ve tarafs\u0131z haber ve analizler sunmaya \u00e7al\u0131\u015f\u0131yoruz, ancak haberlerimiz yay\u0131n politikalar\u0131m\u0131z, bak\u0131\u015f a\u00e7\u0131lar\u0131m\u0131z ve di\u011fer fakt\u00f6rlerden etkilenebilir. Haber ve analizlerin do\u011frulu\u011fu, eksiksizli\u011fi, g\u00fcvenilirli\u011fi, uygunlu\u011fu veya kullan\u0131labilirli\u011fi hakk\u0131nda hi\u00e7bir beyan veya garanti vermiyoruz ve haber kanal\u0131m\u0131zdaki herhangi bir i\u00e7eri\u011fi \u00f6nceden haber vermeksizin istedi\u011fimiz zaman de\u011fi\u015ftirme, g\u00fcncelleme veya kald\u0131rma hakk\u0131m\u0131z\u0131 sakl\u0131 tutuyoruz. <\/span><\/p>\n<p><span style=\"font-weight: 400;\">Haber kanal\u0131m\u0131z, kontrol\u00fcm\u00fcz alt\u0131nda olmayan \u00fc\u00e7\u00fcnc\u00fc taraf web sitelerine ba\u011flant\u0131lar i\u00e7erebilir. Bu sitelerin niteli\u011fi, i\u00e7eri\u011fi ve kullan\u0131labilirli\u011fi \u00fczerinde hi\u00e7bir kontrol\u00fcm\u00fcz yoktur. Herhangi bir ba\u011flant\u0131n\u0131n dahil edilmesi, mutlaka bir tavsiye anlam\u0131na gelmez veya i\u00e7lerinde ifade edilen g\u00f6r\u00fc\u015fleri onaylamaz.  <\/span><\/p>\n<p><span style=\"font-weight: 400;\">Haber kanal\u0131m\u0131z\u0131n sorunsuz bir \u015fekilde \u00e7al\u0131\u015fmaya devam etmesi i\u00e7in her t\u00fcrl\u00fc \u00e7aba g\u00f6sterilmektedir. Ancak, kontrol\u00fcm\u00fcz d\u0131\u015f\u0131ndaki teknik sorunlar nedeniyle kanal\u0131n ge\u00e7ici olarak kullan\u0131lamamas\u0131ndan dolay\u0131 hi\u00e7bir sorumluluk kabul etmiyoruz ve bundan sorumlu olmayaca\u011f\u0131z. <\/span><\/p>\n<p><span style=\"font-weight: 400;\">Haber kanal\u0131m\u0131zda sa\u011flanan bilgilere g\u00fcvenmeniz durumunda, risk kesinlikle size aittir. Haber kanal\u0131m\u0131z\u0131 kullanman\u0131zdan veya kullanamaman\u0131zdan kaynaklanabilecek herhangi bir zarar veya kay\u0131ptan sorumlu de\u011filiz. <\/span><\/p>\n<p>&nbsp;<\/p>\n","protected":false},"excerpt":{"rendered":"<p>Haber kanal\u0131m\u0131zda verilen bilgiler yaln\u0131zca genel bilgilendirme ama\u00e7l\u0131d\u0131r. Do\u011fru ve g\u00fcncel haberler ve analizler sunmaya \u00e7al\u0131\u015f\u0131yoruz, ancak kanalda yer alan haberler veya bilgiler, \u00fcr\u00fcnler, hizmetler veya ilgili grafiklerle ilgili olarak herhangi bir ama\u00e7 i\u00e7in eksiksizlik, do\u011fruluk, g\u00fcvenilirlik, uygunluk veya kullan\u0131labilirlik konusunda a\u00e7\u0131k veya z\u0131mni hi\u00e7bir beyan veya garanti vermiyoruz. Bu nedenle, bu t\u00fcr bilgilere g\u00fcvenmeniz [&hellip;]<\/p>\n","protected":false},"author":9,"featured_media":0,"parent":0,"menu_order":0,"comment_status":"closed","ping_status":"closed","template":"","meta":{"jnews_page_loop":[],"jnews_single_page":[],"footnotes":""},"class_list":["post-20482","page","type-page","status-publish","hentry"],"_links":{"self":[{"href":"https:\/\/www.turkishnyradio.com\/tr\/wp-json\/wp\/v2\/pages\/20482","targetHints":{"allow":["GET"]}}],"collection":[{"href":"https:\/\/www.turkishnyradio.com\/tr\/wp-json\/wp\/v2\/pages"}],"about":[{"href":"https:\/\/www.turkishnyradio.com\/tr\/wp-json\/wp\/v2\/types\/page"}],"author":[{"embeddable":true,"href":"https:\/\/www.turkishnyradio.com\/tr\/wp-json\/wp\/v2\/users\/9"}],"replies":[{"embeddable":true,"href":"https:\/\/www.turkishnyradio.com\/tr\/wp-json\/wp\/v2\/comments?post=20482"}],"version-history":[{"count":0,"href":"https:\/\/www.turkishnyradio.com\/tr\/wp-json\/wp\/v2\/pages\/20482\/revisions"}],"wp:attachment":[{"href":"https:\/\/www.turkishnyradio.com\/tr\/wp-json\/wp\/v2\/media?parent=20482"}],"curies":[{"name":"wp","href":"https:\/\/api.w.org\/{rel}","templated":true}]}}